{"id":206,"date":"2022-06-08T20:46:23","date_gmt":"2022-06-08T18:46:23","guid":{"rendered":"https:\/\/tidslinje.kodal.info\/?page_id=206"},"modified":"2022-06-30T00:57:13","modified_gmt":"2022-06-29T22:57:13","slug":"lorens-berg-tidslinje","status":"publish","type":"page","link":"https:\/\/tidslinje.kodal.info\/?page_id=206","title":{"rendered":"Lorens Berg &#8211; tidslinje"},"content":{"rendered":"        <div class=\"wpex horizontal-timeline wpex-horizontal-1 ex-multi-item \" data-autoplay=\"0\" data-speed=\"\" data-rtl=\"\" id=\"horizontal-tl-535\" data-id=\"horizontal-tl-535\" data-slidesshow=\"5\"  data-start_on=\"\" data-infinite=\"\" data-focus_on=\"1\" data-mbrp=\"480\" data-tbrp=\"768\" data-tlbrp=\"1024\" data-mb_itm=\"2\">\r\n        \t            <div class=\"hor-container\">\r\n\t            \t\t            <span class=\"timeline-hr\"><\/span>\r\n\t\t            <ul class=\"horizontal-nav\">\r\n\t\t\t\t\t\t\t\t                    <li class=\"ictl-8\">\r\n\t\t                        <span class=\"tl-point wpex_point\">\r\n\t\t                            <i class=\"fa fa-circle no-icon\"><\/i>\r\n\t\t                            18. januar 1862\t\t                        <\/span>\r\n\t\t                        <div class=\"wpextt_templates\">\r\n\t\t                            <div class=\"post-8 post type-post status-publish format-standard has-post-thumbnail hentry category-livshendelser category-lorens-berg\" id=\"wpextt_content-8\" style=\" \" >\r\n\t    <div class=\"wpex-timeline-label\">\r\n        \t\t\t\t<div class=\"timeline-media\">\r\n\t\t\t\t\t<a href=\"https:\/\/tidslinje.kodal.info\/?p=8\" title=\"F\u00f8dt p\u00e5 Berge i Kodal\">\r\n\t\t\t\t\t<img loading=\"lazy\" decoding=\"async\" width=\"600\" height=\"399\" src=\"https:\/\/tidslinje.kodal.info\/wp-content\/uploads\/1862\/01\/18620118_berge.jpg\" class=\"attachment-wptl-600x450 size-wptl-600x450 wp-post-image\" alt=\"\" srcset=\"https:\/\/tidslinje.kodal.info\/wp-content\/uploads\/1862\/01\/18620118_berge.jpg 600w, https:\/\/tidslinje.kodal.info\/wp-content\/uploads\/1862\/01\/18620118_berge-300x200.jpg 300w\" sizes=\"auto, (max-width: 600px) 100vw, 600px\" \/>\t\t\t\t\t<span class=\"bg-opacity\"><\/span>\r\n\t\t\t\t\t<\/a>\r\n\t\t\t\t<\/div>\r\n\t\t\t        <div class=\"timeline-details\">\r\n        \t<h2>\r\n                <a href=\"https:\/\/tidslinje.kodal.info\/?p=8\" title=\"F\u00f8dt p\u00e5 Berge i Kodal\">\r\n\t\t\t\t\tF\u00f8dt p\u00e5 Berge i Kodal                <\/a>\r\n            <\/h2>\r\n                        <div class=\"wptl-more-meta\">\r\n            \t\t\t\t\t\t<span class=\"info-cat\">\r\n\t\t\t\t\t\t<i class=\"fa fa-folder-open-o\" aria-hidden=\"true\"><\/i>\r\n\t\t\t\t\t\t<a href=\"https:\/\/tidslinje.kodal.info\/?cat=6\" rel=\"category\">Livshendelser<\/a>, <a href=\"https:\/\/tidslinje.kodal.info\/?cat=10\" rel=\"category\">Lorens Berg<\/a>\t\t\t\t\t<\/span>\r\n\t\t\t\t\t            <\/div>\r\n                        <div class=\"wptl-excerpt\">\r\n\t\t\t\tLorens Berg blir f\u00f8dt p\u00e5 g\u00e5rden Berge i Kodal.            <\/div>\r\n                        <div class=\"wptl-readmore\"><a href=\"https:\/\/tidslinje.kodal.info\/?p=8\" title=\"F\u00f8dt p\u00e5 Berge i Kodal\">Les mer<\/a><\/div>\r\n                    <\/div>\r\n        <div class=\"exclearfix\"><\/div>\r\n    <\/div>\r\n<\/div>\t\t                        <\/div>\r\n\t\t                    \t\t\t                    <\/li>\r\n\t\t                \t\t                    <li class=\"ictl-10\">\r\n\t\t                        <span class=\"tl-point wpex_point\">\r\n\t\t                            <i class=\"fa fa-circle no-icon\"><\/i>\r\n\t\t                            16. februar 1862\t\t                        <\/span>\r\n\t\t                        <div class=\"wpextt_templates\">\r\n\t\t                            <div class=\"post-10 post type-post status-publish format-standard has-post-thumbnail hentry category-livshendelser category-lorens-berg\" id=\"wpextt_content-10\" style=\" \" >\r\n\t    <div class=\"wpex-timeline-label\">\r\n        \t\t\t\t<div class=\"timeline-media\">\r\n\t\t\t\t\t<a href=\"https:\/\/tidslinje.kodal.info\/?p=10\" title=\"D\u00f8pt i Kodal kirke\">\r\n\t\t\t\t\t<img loading=\"lazy\" decoding=\"async\" width=\"600\" height=\"326\" src=\"https:\/\/tidslinje.kodal.info\/wp-content\/uploads\/2020\/03\/18620216_andebu_kirkebok.png\" class=\"attachment-wptl-600x450 size-wptl-600x450 wp-post-image\" alt=\"\" srcset=\"https:\/\/tidslinje.kodal.info\/wp-content\/uploads\/2020\/03\/18620216_andebu_kirkebok.png 600w, https:\/\/tidslinje.kodal.info\/wp-content\/uploads\/2020\/03\/18620216_andebu_kirkebok-300x163.png 300w\" sizes=\"auto, (max-width: 600px) 100vw, 600px\" \/>\t\t\t\t\t<span class=\"bg-opacity\"><\/span>\r\n\t\t\t\t\t<\/a>\r\n\t\t\t\t<\/div>\r\n\t\t\t        <div class=\"timeline-details\">\r\n        \t<h2>\r\n                <a href=\"https:\/\/tidslinje.kodal.info\/?p=10\" title=\"D\u00f8pt i Kodal kirke\">\r\n\t\t\t\t\tD\u00f8pt i Kodal kirke                <\/a>\r\n            <\/h2>\r\n                        <div class=\"wptl-more-meta\">\r\n            \t\t\t\t\t\t<span class=\"info-cat\">\r\n\t\t\t\t\t\t<i class=\"fa fa-folder-open-o\" aria-hidden=\"true\"><\/i>\r\n\t\t\t\t\t\t<a href=\"https:\/\/tidslinje.kodal.info\/?cat=6\" rel=\"category\">Livshendelser<\/a>, <a href=\"https:\/\/tidslinje.kodal.info\/?cat=10\" rel=\"category\">Lorens Berg<\/a>\t\t\t\t\t<\/span>\r\n\t\t\t\t\t            <\/div>\r\n                        <div class=\"wptl-excerpt\">\r\n\t\t\t\tLorens Berg blir d\u00f8pt i Kodal kirke.            <\/div>\r\n                        <div class=\"wptl-readmore\"><a href=\"https:\/\/tidslinje.kodal.info\/?p=10\" title=\"D\u00f8pt i Kodal kirke\">Les mer<\/a><\/div>\r\n                    <\/div>\r\n        <div class=\"exclearfix\"><\/div>\r\n    <\/div>\r\n<\/div>\t\t                        <\/div>\r\n\t\t                    \t\t\t                    <\/li>\r\n\t\t                \t\t                    <li class=\"ictl-98\">\r\n\t\t                        <span class=\"tl-point wpex_point\">\r\n\t\t                            <i class=\"fa fa-circle no-icon\"><\/i>\r\n\t\t                            30. september 1876\t\t                        <\/span>\r\n\t\t                        <div class=\"wpextt_templates\">\r\n\t\t                            <div class=\"post-98 post type-post status-publish format-standard has-post-thumbnail hentry category-livshendelser category-lorens-berg\" id=\"wpextt_content-98\" style=\" \" >\r\n\t    <div class=\"wpex-timeline-label\">\r\n        \t\t\t\t<div class=\"timeline-media\">\r\n\t\t\t\t\t<a href=\"https:\/\/tidslinje.kodal.info\/?p=98\" title=\"Konfirmert i Kodal kirke\">\r\n\t\t\t\t\t<img loading=\"lazy\" decoding=\"async\" width=\"330\" height=\"450\" src=\"https:\/\/tidslinje.kodal.info\/wp-content\/uploads\/2020\/03\/18760930_konfirmasjon_andebu-kirkebok.png\" class=\"attachment-wptl-600x450 size-wptl-600x450 wp-post-image\" alt=\"\" srcset=\"https:\/\/tidslinje.kodal.info\/wp-content\/uploads\/2020\/03\/18760930_konfirmasjon_andebu-kirkebok.png 600w, https:\/\/tidslinje.kodal.info\/wp-content\/uploads\/2020\/03\/18760930_konfirmasjon_andebu-kirkebok-220x300.png 220w\" sizes=\"auto, (max-width: 330px) 100vw, 330px\" \/>\t\t\t\t\t<span class=\"bg-opacity\"><\/span>\r\n\t\t\t\t\t<\/a>\r\n\t\t\t\t<\/div>\r\n\t\t\t        <div class=\"timeline-details\">\r\n        \t<h2>\r\n                <a href=\"https:\/\/tidslinje.kodal.info\/?p=98\" title=\"Konfirmert i Kodal kirke\">\r\n\t\t\t\t\tKonfirmert i Kodal kirke                <\/a>\r\n            <\/h2>\r\n                        <div class=\"wptl-more-meta\">\r\n            \t\t\t\t\t\t<span class=\"info-cat\">\r\n\t\t\t\t\t\t<i class=\"fa fa-folder-open-o\" aria-hidden=\"true\"><\/i>\r\n\t\t\t\t\t\t<a href=\"https:\/\/tidslinje.kodal.info\/?cat=6\" rel=\"category\">Livshendelser<\/a>, <a href=\"https:\/\/tidslinje.kodal.info\/?cat=10\" rel=\"category\">Lorens Berg<\/a>\t\t\t\t\t<\/span>\r\n\t\t\t\t\t            <\/div>\r\n                        <div class=\"wptl-excerpt\">\r\n\t\t\t\tLorens f\u00e5r karakteren &#8216;udm\u00e6rkedt&#8217; av sogneprest Peder Pedersen for sin...            <\/div>\r\n                        <div class=\"wptl-readmore\"><a href=\"https:\/\/tidslinje.kodal.info\/?p=98\" title=\"Konfirmert i Kodal kirke\">Les mer<\/a><\/div>\r\n                    <\/div>\r\n        <div class=\"exclearfix\"><\/div>\r\n    <\/div>\r\n<\/div>\t\t                        <\/div>\r\n\t\t                    \t\t\t                    <\/li>\r\n\t\t                \t\t                    <li class=\"ictl-101\">\r\n\t\t                        <span class=\"tl-point wpex_point\">\r\n\t\t                            <i class=\"fa fa-circle no-icon\"><\/i>\r\n\t\t                            1. januar 1877\t\t                        <\/span>\r\n\t\t                        <div class=\"wpextt_templates\">\r\n\t\t                            <div class=\"post-101 post type-post status-publish format-standard has-post-thumbnail hentry category-livshendelser category-lorens-berg\" id=\"wpextt_content-101\" style=\" \" >\r\n\t    <div class=\"wpex-timeline-label\">\r\n        \t\t\t\t<div class=\"timeline-media\">\r\n\t\t\t\t\t<a href=\"https:\/\/tidslinje.kodal.info\/?p=101\" title=\"Sj\u00f8mann p\u00e5 briggen &laquo;Salus&raquo;\">\r\n\t\t\t\t\t<img loading=\"lazy\" decoding=\"async\" width=\"389\" height=\"450\" src=\"https:\/\/tidslinje.kodal.info\/wp-content\/uploads\/2020\/03\/18770101_salus.jpg\" class=\"attachment-wptl-600x450 size-wptl-600x450 wp-post-image\" alt=\"\" srcset=\"https:\/\/tidslinje.kodal.info\/wp-content\/uploads\/2020\/03\/18770101_salus.jpg 600w, https:\/\/tidslinje.kodal.info\/wp-content\/uploads\/2020\/03\/18770101_salus-259x300.jpg 259w\" sizes=\"auto, (max-width: 389px) 100vw, 389px\" \/>\t\t\t\t\t<span class=\"bg-opacity\"><\/span>\r\n\t\t\t\t\t<\/a>\r\n\t\t\t\t<\/div>\r\n\t\t\t        <div class=\"timeline-details\">\r\n        \t<h2>\r\n                <a href=\"https:\/\/tidslinje.kodal.info\/?p=101\" title=\"Sj\u00f8mann p\u00e5 briggen &laquo;Salus&raquo;\">\r\n\t\t\t\t\tSj\u00f8mann p\u00e5 briggen &laquo;Salus&raquo;                <\/a>\r\n            <\/h2>\r\n                        <div class=\"wptl-more-meta\">\r\n            \t\t\t\t\t\t<span class=\"info-cat\">\r\n\t\t\t\t\t\t<i class=\"fa fa-folder-open-o\" aria-hidden=\"true\"><\/i>\r\n\t\t\t\t\t\t<a href=\"https:\/\/tidslinje.kodal.info\/?cat=6\" rel=\"category\">Livshendelser<\/a>, <a href=\"https:\/\/tidslinje.kodal.info\/?cat=10\" rel=\"category\">Lorens Berg<\/a>\t\t\t\t\t<\/span>\r\n\t\t\t\t\t            <\/div>\r\n                        <div class=\"wptl-excerpt\">\r\n\t\t\t\tEtter at Lorens var konfirmert seilte han et par \u00e5r...            <\/div>\r\n                        <div class=\"wptl-readmore\"><a href=\"https:\/\/tidslinje.kodal.info\/?p=101\" title=\"Sj\u00f8mann p\u00e5 briggen &laquo;Salus&raquo;\">Les mer<\/a><\/div>\r\n                    <\/div>\r\n        <div class=\"exclearfix\"><\/div>\r\n    <\/div>\r\n<\/div>\t\t                        <\/div>\r\n\t\t                    \t\t\t                    <\/li>\r\n\t\t                \t\t                    <li class=\"ictl-109\">\r\n\t\t                        <span class=\"tl-point wpex_point\">\r\n\t\t                            <i class=\"fa fa-circle no-icon\"><\/i>\r\n\t\t                            1. september 1878\t\t                        <\/span>\r\n\t\t                        <div class=\"wpextt_templates\">\r\n\t\t                            <div class=\"post-109 post type-post status-publish format-standard has-post-thumbnail hentry category-livshendelser category-lorens-berg\" id=\"wpextt_content-109\" style=\" \" >\r\n\t    <div class=\"wpex-timeline-label\">\r\n        \t\t\t\t<div class=\"timeline-media\">\r\n\t\t\t\t\t<a href=\"https:\/\/tidslinje.kodal.info\/?p=109\" title=\"Elev p\u00e5 amtsskolen p\u00e5 Amundr\u00f8d\">\r\n\t\t\t\t\t<img loading=\"lazy\" decoding=\"async\" width=\"600\" height=\"341\" src=\"https:\/\/tidslinje.kodal.info\/wp-content\/uploads\/1878\/09\/5000_0440-scaled-1.jpg\" class=\"attachment-wptl-600x450 size-wptl-600x450 wp-post-image\" alt=\"\" srcset=\"https:\/\/tidslinje.kodal.info\/wp-content\/uploads\/1878\/09\/5000_0440-scaled-1.jpg 2560w, https:\/\/tidslinje.kodal.info\/wp-content\/uploads\/1878\/09\/5000_0440-scaled-1-300x171.jpg 300w, https:\/\/tidslinje.kodal.info\/wp-content\/uploads\/1878\/09\/5000_0440-scaled-1-1024x582.jpg 1024w, https:\/\/tidslinje.kodal.info\/wp-content\/uploads\/1878\/09\/5000_0440-scaled-1-768x437.jpg 768w, https:\/\/tidslinje.kodal.info\/wp-content\/uploads\/1878\/09\/5000_0440-scaled-1-1536x874.jpg 1536w, https:\/\/tidslinje.kodal.info\/wp-content\/uploads\/1878\/09\/5000_0440-scaled-1-2048x1165.jpg 2048w\" sizes=\"auto, (max-width: 600px) 100vw, 600px\" \/>\t\t\t\t\t<span class=\"bg-opacity\"><\/span>\r\n\t\t\t\t\t<\/a>\r\n\t\t\t\t<\/div>\r\n\t\t\t        <div class=\"timeline-details\">\r\n        \t<h2>\r\n                <a href=\"https:\/\/tidslinje.kodal.info\/?p=109\" title=\"Elev p\u00e5 amtsskolen p\u00e5 Amundr\u00f8d\">\r\n\t\t\t\t\tElev p\u00e5 amtsskolen p\u00e5 Amundr\u00f8d                <\/a>\r\n            <\/h2>\r\n                        <div class=\"wptl-more-meta\">\r\n            \t\t\t\t\t\t<span class=\"info-cat\">\r\n\t\t\t\t\t\t<i class=\"fa fa-folder-open-o\" aria-hidden=\"true\"><\/i>\r\n\t\t\t\t\t\t<a href=\"https:\/\/tidslinje.kodal.info\/?cat=6\" rel=\"category\">Livshendelser<\/a>, <a href=\"https:\/\/tidslinje.kodal.info\/?cat=10\" rel=\"category\">Lorens Berg<\/a>\t\t\t\t\t<\/span>\r\n\t\t\t\t\t            <\/div>\r\n                        <div class=\"wptl-excerpt\">\r\n\t\t\t\tLorens Berg var elev p\u00e5 den ambulerende amtsskolen p\u00e5 Amundr\u00f8d...            <\/div>\r\n                        <div class=\"wptl-readmore\"><a href=\"https:\/\/tidslinje.kodal.info\/?p=109\" title=\"Elev p\u00e5 amtsskolen p\u00e5 Amundr\u00f8d\">Les mer<\/a><\/div>\r\n                    <\/div>\r\n        <div class=\"exclearfix\"><\/div>\r\n    <\/div>\r\n<\/div>\t\t                        <\/div>\r\n\t\t                    \t\t\t                    <\/li>\r\n\t\t                \t\t                    <li class=\"ictl-170\">\r\n\t\t                        <span class=\"tl-point wpex_point\">\r\n\t\t                            <i class=\"fa fa-circle no-icon\"><\/i>\r\n\t\t                            9. juli 1881\t\t                        <\/span>\r\n\t\t                        <div class=\"wpextt_templates\">\r\n\t\t                            <div class=\"post-170 post type-post status-publish format-standard has-post-thumbnail hentry category-livshendelser category-lorens-berg\" id=\"wpextt_content-170\" style=\" \" >\r\n\t    <div class=\"wpex-timeline-label\">\r\n        \t\t\t\t<div class=\"timeline-media\">\r\n\t\t\t\t\t<a href=\"https:\/\/tidslinje.kodal.info\/?p=170\" title=\"L\u00e6rereksamen ved Asker seminar\">\r\n\t\t\t\t\t<img loading=\"lazy\" decoding=\"async\" width=\"600\" height=\"400\" src=\"https:\/\/tidslinje.kodal.info\/wp-content\/uploads\/1881\/07\/18810709_asker_seminar_bygning.jpg\" class=\"attachment-wptl-600x450 size-wptl-600x450 wp-post-image\" alt=\"\" srcset=\"https:\/\/tidslinje.kodal.info\/wp-content\/uploads\/1881\/07\/18810709_asker_seminar_bygning.jpg 600w, https:\/\/tidslinje.kodal.info\/wp-content\/uploads\/1881\/07\/18810709_asker_seminar_bygning-300x200.jpg 300w\" sizes=\"auto, (max-width: 600px) 100vw, 600px\" \/>\t\t\t\t\t<span class=\"bg-opacity\"><\/span>\r\n\t\t\t\t\t<\/a>\r\n\t\t\t\t<\/div>\r\n\t\t\t        <div class=\"timeline-details\">\r\n        \t<h2>\r\n                <a href=\"https:\/\/tidslinje.kodal.info\/?p=170\" title=\"L\u00e6rereksamen ved Asker seminar\">\r\n\t\t\t\t\tL\u00e6rereksamen ved Asker seminar                <\/a>\r\n            <\/h2>\r\n                        <div class=\"wptl-more-meta\">\r\n            \t\t\t\t\t\t<span class=\"info-cat\">\r\n\t\t\t\t\t\t<i class=\"fa fa-folder-open-o\" aria-hidden=\"true\"><\/i>\r\n\t\t\t\t\t\t<a href=\"https:\/\/tidslinje.kodal.info\/?cat=6\" rel=\"category\">Livshendelser<\/a>, <a href=\"https:\/\/tidslinje.kodal.info\/?cat=10\" rel=\"category\">Lorens Berg<\/a>\t\t\t\t\t<\/span>\r\n\t\t\t\t\t            <\/div>\r\n                        <div class=\"wptl-excerpt\">\r\n\t\t\t\tEtter \u00e5 ha g\u00e5tt p\u00e5 amtsskolen fikk Lorens Berg plass...            <\/div>\r\n                        <div class=\"wptl-readmore\"><a href=\"https:\/\/tidslinje.kodal.info\/?p=170\" title=\"L\u00e6rereksamen ved Asker seminar\">Les mer<\/a><\/div>\r\n                    <\/div>\r\n        <div class=\"exclearfix\"><\/div>\r\n    <\/div>\r\n<\/div>\t\t                        <\/div>\r\n\t\t                    \t\t\t                    <\/li>\r\n\t\t                \t\t                    <li class=\"ictl-173\">\r\n\t\t                        <span class=\"tl-point wpex_point\">\r\n\t\t                            <i class=\"fa fa-circle no-icon\"><\/i>\r\n\t\t                            15. oktober 1881\t\t                        <\/span>\r\n\t\t                        <div class=\"wpextt_templates\">\r\n\t\t                            <div class=\"post-173 post type-post status-publish format-standard has-post-thumbnail hentry category-livshendelser category-lorens-berg\" id=\"wpextt_content-173\" style=\" \" >\r\n\t    <div class=\"wpex-timeline-label\">\r\n        \t\t\t\t<div class=\"timeline-media\">\r\n\t\t\t\t\t<a href=\"https:\/\/tidslinje.kodal.info\/?p=173\" title=\"L\u00e6rervikar i \u00c5dalen p\u00e5 Ringerike\">\r\n\t\t\t\t\t<img loading=\"lazy\" decoding=\"async\" width=\"600\" height=\"419\" src=\"https:\/\/tidslinje.kodal.info\/wp-content\/uploads\/1881\/10\/18811015_somdalen_kart.png\" class=\"attachment-wptl-600x450 size-wptl-600x450 wp-post-image\" alt=\"\" srcset=\"https:\/\/tidslinje.kodal.info\/wp-content\/uploads\/1881\/10\/18811015_somdalen_kart.png 600w, https:\/\/tidslinje.kodal.info\/wp-content\/uploads\/1881\/10\/18811015_somdalen_kart-300x210.png 300w\" sizes=\"auto, (max-width: 600px) 100vw, 600px\" \/>\t\t\t\t\t<span class=\"bg-opacity\"><\/span>\r\n\t\t\t\t\t<\/a>\r\n\t\t\t\t<\/div>\r\n\t\t\t        <div class=\"timeline-details\">\r\n        \t<h2>\r\n                <a href=\"https:\/\/tidslinje.kodal.info\/?p=173\" title=\"L\u00e6rervikar i \u00c5dalen p\u00e5 Ringerike\">\r\n\t\t\t\t\tL\u00e6rervikar i \u00c5dalen p\u00e5 Ringerike                <\/a>\r\n            <\/h2>\r\n                        <div class=\"wptl-more-meta\">\r\n            \t\t\t\t\t\t<span class=\"info-cat\">\r\n\t\t\t\t\t\t<i class=\"fa fa-folder-open-o\" aria-hidden=\"true\"><\/i>\r\n\t\t\t\t\t\t<a href=\"https:\/\/tidslinje.kodal.info\/?cat=6\" rel=\"category\">Livshendelser<\/a>, <a href=\"https:\/\/tidslinje.kodal.info\/?cat=10\" rel=\"category\">Lorens Berg<\/a>\t\t\t\t\t<\/span>\r\n\t\t\t\t\t            <\/div>\r\n                        <div class=\"wptl-excerpt\">\r\n\t\t\t\tDa Lorens Berg hadde tatt eksamen i Asker ble han...            <\/div>\r\n                        <div class=\"wptl-readmore\"><a href=\"https:\/\/tidslinje.kodal.info\/?p=173\" title=\"L\u00e6rervikar i \u00c5dalen p\u00e5 Ringerike\">Les mer<\/a><\/div>\r\n                    <\/div>\r\n        <div class=\"exclearfix\"><\/div>\r\n    <\/div>\r\n<\/div>\t\t                        <\/div>\r\n\t\t                    \t\t\t                    <\/li>\r\n\t\t                \t\t                    <li class=\"ictl-184\">\r\n\t\t                        <span class=\"tl-point wpex_point\">\r\n\t\t                            <i class=\"fa fa-circle no-icon\"><\/i>\r\n\t\t                            2. januar 1882\t\t                        <\/span>\r\n\t\t                        <div class=\"wpextt_templates\">\r\n\t\t                            <div class=\"post-184 post type-post status-publish format-standard hentry category-livshendelser category-lorens-berg\" id=\"wpextt_content-184\" style=\" \" >\r\n\t    <div class=\"wpex-timeline-label\">\r\n                <div class=\"timeline-details\">\r\n        \t<h2>\r\n                <a href=\"https:\/\/tidslinje.kodal.info\/?p=184\" title=\"Ansatt som hjelpel\u00e6rer p\u00e5 Tj\u00f8me\">\r\n\t\t\t\t\tAnsatt som hjelpel\u00e6rer p\u00e5 Tj\u00f8me                <\/a>\r\n            <\/h2>\r\n                        <div class=\"wptl-more-meta\">\r\n            \t\t\t\t\t\t<span class=\"info-cat\">\r\n\t\t\t\t\t\t<i class=\"fa fa-folder-open-o\" aria-hidden=\"true\"><\/i>\r\n\t\t\t\t\t\t<a href=\"https:\/\/tidslinje.kodal.info\/?cat=6\" rel=\"category\">Livshendelser<\/a>, <a href=\"https:\/\/tidslinje.kodal.info\/?cat=10\" rel=\"category\">Lorens Berg<\/a>\t\t\t\t\t<\/span>\r\n\t\t\t\t\t            <\/div>\r\n                        <div class=\"wptl-excerpt\">\r\n\t\t\t\t            <\/div>\r\n                        <div class=\"wptl-readmore\"><a href=\"https:\/\/tidslinje.kodal.info\/?p=184\" title=\"Ansatt som hjelpel\u00e6rer p\u00e5 Tj\u00f8me\">Les mer<\/a><\/div>\r\n                    <\/div>\r\n        <div class=\"exclearfix\"><\/div>\r\n    <\/div>\r\n<\/div>\t\t                        <\/div>\r\n\t\t                    \t\t\t                    <\/li>\r\n\t\t                \t\t                    <li class=\"ictl-55\">\r\n\t\t                        <span class=\"tl-point wpex_point\">\r\n\t\t                            <i class=\"fa fa-circle no-icon\"><\/i>\r\n\t\t                            17. juni 1884\t\t                        <\/span>\r\n\t\t                        <div class=\"wpextt_templates\">\r\n\t\t                            <div class=\"post-55 post type-post status-publish format-standard has-post-thumbnail hentry category-livshendelser category-lorens-berg\" id=\"wpextt_content-55\" style=\" \" >\r\n\t    <div class=\"wpex-timeline-label\">\r\n        \t\t\t\t<div class=\"timeline-media\">\r\n\t\t\t\t\t<a href=\"https:\/\/tidslinje.kodal.info\/?p=55\" title=\"Ansatt som l\u00e6rer p\u00e5 Hvasser p\u00e5 Tj\u00f8me\">\r\n\t\t\t\t\t<img loading=\"lazy\" decoding=\"async\" width=\"290\" height=\"450\" src=\"https:\/\/tidslinje.kodal.info\/wp-content\/uploads\/2020\/03\/18840617_tilsetting_tjomo.jpg\" class=\"attachment-wptl-600x450 size-wptl-600x450 wp-post-image\" alt=\"\" srcset=\"https:\/\/tidslinje.kodal.info\/wp-content\/uploads\/2020\/03\/18840617_tilsetting_tjomo.jpg 600w, https:\/\/tidslinje.kodal.info\/wp-content\/uploads\/2020\/03\/18840617_tilsetting_tjomo-193x300.jpg 193w\" sizes=\"auto, (max-width: 290px) 100vw, 290px\" \/>\t\t\t\t\t<span class=\"bg-opacity\"><\/span>\r\n\t\t\t\t\t<\/a>\r\n\t\t\t\t<\/div>\r\n\t\t\t        <div class=\"timeline-details\">\r\n        \t<h2>\r\n                <a href=\"https:\/\/tidslinje.kodal.info\/?p=55\" title=\"Ansatt som l\u00e6rer p\u00e5 Hvasser p\u00e5 Tj\u00f8me\">\r\n\t\t\t\t\tAnsatt som l\u00e6rer p\u00e5 Hvasser p\u00e5 Tj\u00f8me                <\/a>\r\n            <\/h2>\r\n                        <div class=\"wptl-more-meta\">\r\n            \t\t\t\t\t\t<span class=\"info-cat\">\r\n\t\t\t\t\t\t<i class=\"fa fa-folder-open-o\" aria-hidden=\"true\"><\/i>\r\n\t\t\t\t\t\t<a href=\"https:\/\/tidslinje.kodal.info\/?cat=6\" rel=\"category\">Livshendelser<\/a>, <a href=\"https:\/\/tidslinje.kodal.info\/?cat=10\" rel=\"category\">Lorens Berg<\/a>\t\t\t\t\t<\/span>\r\n\t\t\t\t\t            <\/div>\r\n                        <div class=\"wptl-excerpt\">\r\n\t\t\t\tLorens Berg blir 17. juni 1884 fast ansatt som l\u00e6rer...            <\/div>\r\n                        <div class=\"wptl-readmore\"><a href=\"https:\/\/tidslinje.kodal.info\/?p=55\" title=\"Ansatt som l\u00e6rer p\u00e5 Hvasser p\u00e5 Tj\u00f8me\">Les mer<\/a><\/div>\r\n                    <\/div>\r\n        <div class=\"exclearfix\"><\/div>\r\n    <\/div>\r\n<\/div>\t\t                        <\/div>\r\n\t\t                    \t\t\t                    <\/li>\r\n\t\t                \t\t                    <li class=\"ictl-48\">\r\n\t\t                        <span class=\"tl-point wpex_point\">\r\n\t\t                            <i class=\"fa fa-circle no-icon\"><\/i>\r\n\t\t                            10. desember 1886\t\t                        <\/span>\r\n\t\t                        <div class=\"wpextt_templates\">\r\n\t\t                            <div class=\"post-48 post type-post status-publish format-standard has-post-thumbnail hentry category-livshendelser category-lorens-berg\" id=\"wpextt_content-48\" style=\" \" >\r\n\t    <div class=\"wpex-timeline-label\">\r\n        \t\t\t\t<div class=\"timeline-media\">\r\n\t\t\t\t\t<a href=\"https:\/\/tidslinje.kodal.info\/?p=48\" title=\"Lorens Berg gifter seg med Albertine Johanne Andreassen\">\r\n\t\t\t\t\t<img loading=\"lazy\" decoding=\"async\" width=\"478\" height=\"450\" src=\"https:\/\/tidslinje.kodal.info\/wp-content\/uploads\/2020\/03\/18861210_bryllup.jpg\" class=\"attachment-wptl-600x450 size-wptl-600x450 wp-post-image\" alt=\"\" srcset=\"https:\/\/tidslinje.kodal.info\/wp-content\/uploads\/2020\/03\/18861210_bryllup.jpg 600w, https:\/\/tidslinje.kodal.info\/wp-content\/uploads\/2020\/03\/18861210_bryllup-300x283.jpg 300w\" sizes=\"auto, (max-width: 478px) 100vw, 478px\" \/>\t\t\t\t\t<span class=\"bg-opacity\"><\/span>\r\n\t\t\t\t\t<\/a>\r\n\t\t\t\t<\/div>\r\n\t\t\t        <div class=\"timeline-details\">\r\n        \t<h2>\r\n                <a href=\"https:\/\/tidslinje.kodal.info\/?p=48\" title=\"Lorens Berg gifter seg med Albertine Johanne Andreassen\">\r\n\t\t\t\t\tLorens Berg gifter seg med Albertine Johanne Andreassen                <\/a>\r\n            <\/h2>\r\n                        <div class=\"wptl-more-meta\">\r\n            \t\t\t\t\t\t<span class=\"info-cat\">\r\n\t\t\t\t\t\t<i class=\"fa fa-folder-open-o\" aria-hidden=\"true\"><\/i>\r\n\t\t\t\t\t\t<a href=\"https:\/\/tidslinje.kodal.info\/?cat=6\" rel=\"category\">Livshendelser<\/a>, <a href=\"https:\/\/tidslinje.kodal.info\/?cat=10\" rel=\"category\">Lorens Berg<\/a>\t\t\t\t\t<\/span>\r\n\t\t\t\t\t            <\/div>\r\n                        <div class=\"wptl-excerpt\">\r\n\t\t\t\tVielsen skjer i Asker 10. desember 1886. Lorens har da...            <\/div>\r\n                        <div class=\"wptl-readmore\"><a href=\"https:\/\/tidslinje.kodal.info\/?p=48\" title=\"Lorens Berg gifter seg med Albertine Johanne Andreassen\">Les mer<\/a><\/div>\r\n                    <\/div>\r\n        <div class=\"exclearfix\"><\/div>\r\n    <\/div>\r\n<\/div>\t\t                        <\/div>\r\n\t\t                    \t\t\t                    <\/li>\r\n\t\t                \t\t            <\/ul>\r\n\t        \t            <\/div>\r\n        <\/div>\r\n        \n","protected":false},"excerpt":{"rendered":"","protected":false},"author":1,"featured_media":0,"parent":0,"menu_order":0,"comment_status":"closed","ping_status":"closed","template":"","meta":{"footnotes":""},"class_list":["post-206","page","type-page","status-publish","hentry"],"_links":{"self":[{"href":"https:\/\/tidslinje.kodal.info\/index.php?rest_route=\/wp\/v2\/pages\/206","targetHints":{"allow":["GET"]}}],"collection":[{"href":"https:\/\/tidslinje.kodal.info\/index.php?rest_route=\/wp\/v2\/pages"}],"about":[{"href":"https:\/\/tidslinje.kodal.info\/index.php?rest_route=\/wp\/v2\/types\/page"}],"author":[{"embeddable":true,"href":"https:\/\/tidslinje.kodal.info\/index.php?rest_route=\/wp\/v2\/users\/1"}],"replies":[{"embeddable":true,"href":"https:\/\/tidslinje.kodal.info\/index.php?rest_route=%2Fwp%2Fv2%2Fcomments&post=206"}],"version-history":[{"count":1,"href":"https:\/\/tidslinje.kodal.info\/index.php?rest_route=\/wp\/v2\/pages\/206\/revisions"}],"predecessor-version":[{"id":208,"href":"https:\/\/tidslinje.kodal.info\/index.php?rest_route=\/wp\/v2\/pages\/206\/revisions\/208"}],"wp:attachment":[{"href":"https:\/\/tidslinje.kodal.info\/index.php?rest_route=%2Fwp%2Fv2%2Fmedia&parent=206"}],"curies":[{"name":"wp","href":"https:\/\/api.w.org\/{rel}","templated":true}]}}